{"id":91,"date":"2023-06-19T16:58:25","date_gmt":"2023-06-19T16:58:25","guid":{"rendered":"https:\/\/www.rybsvaz-valmez.cz\/?page_id=91"},"modified":"2023-06-19T16:58:25","modified_gmt":"2023-06-19T16:58:25","slug":"gdpr","status":"publish","type":"page","link":"https:\/\/www.rybsvaz-valmez.cz\/?page_id=91","title":{"rendered":"GDPR"},"content":{"rendered":"\n<p class=\"wp-block-paragraph\"><strong>\u010cesk\u00fd ryb\u00e1\u0159sk\u00fd svaz, m\u00edstn\u00ed organizace MO \u010cRS Vala\u0161sk\u00e9 Mezi\u0159\u00ed\u010d\u00ed<\/strong>&nbsp;&nbsp;<strong>z. s.<\/strong><\/p>\n\n\n\n<p class=\"wp-block-paragraph\">I\u010c: 18050476<strong><\/strong><\/p>\n\n\n\n<p class=\"wp-block-paragraph\">adresa:&nbsp;Podles\u00ed 279&nbsp;&nbsp;757 01 Vala\u0161sk\u00e9 Mezi\u0159\u00ed\u010d\u00ed<\/p>\n\n\n\n<p class=\"wp-block-paragraph\"><strong>Sm\u011brnice pobo\u010dn\u00e9ho spolku \u010cRS k&nbsp;ochran\u011b osobn\u00edch \u00fadaj\u016f<\/strong><\/p>\n\n\n\n<p class=\"wp-block-paragraph\"><strong>Tato sm\u011brnice byla schv\u00e1lena pobo\u010dn\u00fdm spolkem \u010cRS dne&nbsp;<\/strong>22.5.2018<\/p>\n\n\n\n<p class=\"wp-block-paragraph\"><strong>I.<\/strong><\/p>\n\n\n\n<p class=\"wp-block-paragraph\">Sm\u011brnice stanovuje podm\u00ednky pro zpracov\u00e1n\u00ed osobn\u00edch \u00fadaj\u016f a pro uplatn\u011bn\u00ed pr\u00e1v souvisej\u00edc\u00edch se zpracov\u00e1v\u00e1n\u00edm osobn\u00edch \u00fadaj\u016f v&nbsp;r\u00e1mci \u010dinnosti \u010cRS. Jak\u00e9koliv nakl\u00e1d\u00e1n\u00ed s&nbsp;osobn\u00edmi \u00fadaji se \u0159\u00edd\u00ed platn\u00fdmi pr\u00e1vn\u00edmi p\u0159edpisy, zejm\u00e9na na\u0159\u00edzen\u00edm Evropsk\u00e9ho parlamentu a Rady \u010d. 2016\/679 ze dne 27. 4. 2016 o ochran\u011b fyzick\u00fdch osob v souvislosti se zpracov\u00e1n\u00edm osobn\u00edch \u00fadaj\u016f a o voln\u00e9m pohybu t\u011bchto \u00fadaj\u016f a o zru\u0161en\u00ed sm\u011brnice 95\/46\/ES (d\u00e1le jen \u201eobecn\u00e9 na\u0159\u00edzen\u00ed o ochran\u011b osobn\u00edch \u00fadaj\u016f\u201c) a z\u00e1konem o ochran\u011b osobn\u00edch \u00fadaj\u016f.<\/p>\n\n\n\n<p class=\"wp-block-paragraph\"><strong>II.<\/strong><\/p>\n\n\n\n<p class=\"wp-block-paragraph\">Osobn\u00edmi \u00fadaji jsou ve\u0161ker\u00e9 informace vztahuj\u00edc\u00ed se k identifikovan\u00e9 \u010di identifikovateln\u00e9 fyzick\u00e9 osob\u011b (\u010dlov\u011bku), na z\u00e1klad\u011b kter\u00fdch lze konkr\u00e9tn\u00ed fyzickou osobu p\u0159\u00edmo \u010di nep\u0159\u00edmo identifikovat. Mezi osobn\u00ed \u00fadaje tak pat\u0159\u00ed \u0161irok\u00e1 \u0161k\u00e1la informac\u00ed, jako je nap\u0159\u00edklad jm\u00e9no, pohlav\u00ed, v\u011bk a datum narozen\u00ed, osobn\u00ed stav, fotografie (resp. jak\u00e9koliv zobrazen\u00ed podoby), rodn\u00e9 \u010d\u00edslo, m\u00edsto trval\u00e9ho pobytu, telefonn\u00ed \u010d\u00edslo, e-mail, \u00fadaje o zdravotn\u00ed poji\u0161\u0165ovn\u011b, st\u00e1tn\u00ed ob\u010danstv\u00ed, \u00fadaje o zdravotn\u00edm stavu (fyzick\u00e9m i psychick\u00e9m), ale tak\u00e9 otisk prstu, podpis nebo IP adresa.&nbsp;<\/p>\n\n\n\n<p class=\"wp-block-paragraph\"><strong>III.<\/strong><\/p>\n\n\n\n<p class=\"wp-block-paragraph\">Spr\u00e1vce osobn\u00edch \u00fadaj\u016f:<\/p>\n\n\n\n<p class=\"wp-block-paragraph\">Spr\u00e1vcem osobn\u00edch \u00fadaj\u016f je pobo\u010dn\u00fd spolek \u010cRS MO \u010cRS Vala\u0161sk\u00e9 Mezi\u0159\u00ed\u010d\u00ed se s\u00eddlem Podles\u00ed 279&nbsp;757 01 Vala\u0161sk\u00e9 Mezi\u0159\u00ed\u010d\u00ed I\u010c:18050476 zapsan\u00fd ve spolkov\u00e9m rejst\u0159\u00edku veden\u00e9m M\u011bstsk\u00fdm soudem v Praze, pod sp. zn. 7042 (d\u00e1le jen \u201e\u010cRS\u201c).<\/p>\n\n\n\n<p class=\"wp-block-paragraph\"><strong>IV.<\/strong><\/p>\n\n\n\n<p class=\"wp-block-paragraph\">Rozsah osobn\u00edch \u00fadaj\u016f \u010dlena zpracov\u00e1van\u00fdch pobo\u010dn\u00fdm spolkem \u010cRS:<\/p>\n\n\n\n<p class=\"wp-block-paragraph\">Nepodl\u00e9haj\u00edc\u00ed souhlasu \u010dlena: jm\u00e9no, p\u0159\u00edjmen\u00ed, datum narozen\u00ed, m\u00edsto trval\u00e9ho pobytu (ulice a \u010d\u00edslo, obec, PS\u010c).<\/p>\n\n\n\n<p class=\"wp-block-paragraph\">Podl\u00e9haj\u00edc\u00ed souhlasu \u010dlena: telefonn\u00ed \u010d\u00edslo, e-mail a jin\u00e9 (p\u0159\u00edp. jak\u00e9koli dal\u0161\u00ed informace).<\/p>\n\n\n\n<p class=\"wp-block-paragraph\">\u00da\u010del zpracov\u00e1n\u00ed osobn\u00edch \u00fadaj\u016f:&nbsp;<\/p>\n\n\n\n<p class=\"wp-block-paragraph\">\u010cRS jako spr\u00e1vce osobn\u00edch \u00fadaj\u016f v&nbsp;r\u00e1mci sv\u00e9 \u010dinnosti zpracov\u00e1v\u00e1 a uchov\u00e1v\u00e1 za podm\u00ednek a v mez\u00edch stanoven\u00fdch platnou pr\u00e1vn\u00ed \u00fapravou, zejm\u00e9na v souladu s ustanoven\u00edm \u010dl. 6 odst. 1 p\u00edsm. b) obecn\u00e9ho na\u0159\u00edzen\u00ed o ochran\u011b osobn\u00edch \u00fadaj\u016f, osobn\u00ed \u00fadaje subjektu \u00fadaj\u016f k t\u011bmto \u00fa\u010del\u016fm:&nbsp;<\/p>\n\n\n\n<p class=\"wp-block-paragraph\">dle \u00a7 13 odst. 8 z\u00e1kona \u010d. 99\/2004 Sb. a p\u0159\u00edlohy \u010d. 8 vyhl\u00e1\u0161ky \u010d. 197\/2004 Sb. v&nbsp;platn\u00e9m zn\u011bn\u00ed &#8211; v\u00fddej povolenky k&nbsp;lovu ryb<\/p>\n\n\n\n<p class=\"wp-block-paragraph\">dle \u00a7 236 z\u00e1kona \u010d. 89\/2012 Sb. OZ a dle \u00a7 7 odst. 8 Stanov \u010cRS &#8211; veden\u00ed vnit\u0159n\u00ed evidence \u010dlen\u016f<\/p>\n\n\n\n<p class=\"wp-block-paragraph\">dle \u00a7 236 z\u00e1kona \u010d. 89\/2012 Sb. OZ a dle \u00a7 7 odst. 9 Stanov \u010cRS &#8211; veden\u00ed vnit\u0159n\u00ed evidence vylou\u010den\u00fdch \u010dlen\u016f<\/p>\n\n\n\n<p class=\"wp-block-paragraph\">na z\u00e1klad\u011b souhlasu subjektu \u00fadaj\u016f &#8211; zas\u00edl\u00e1n\u00ed informac\u00ed o \u010dinnosti svazu (hlavn\u00edho spolku, pobo\u010dn\u00fdch spolk\u016f)<\/p>\n\n\n\n<p class=\"wp-block-paragraph\">Doba zpracov\u00e1n\u00ed osobn\u00edch \u00fadaj\u016f:<\/p>\n\n\n\n<p class=\"wp-block-paragraph\">Osobn\u00ed \u00fadaje jsou zpracov\u00e1v\u00e1ny po dobu nezbytn\u011b nutnou k zaji\u0161t\u011bn\u00ed vz\u00e1jemn\u00fdch pr\u00e1v a povinnost\u00ed vypl\u00fdvaj\u00edc\u00edch z \u00a7 236 a n\u00e1sl. z\u00e1kona \u010d. 89\/2012 Sb. OZ, Stanov \u010cRS, Jednac\u00edho \u0159\u00e1du \u010cRS, z\u00e1kona \u010d. 99\/2004 Sb. a vyhl\u00e1\u0161ky \u010d. 197\/2004 Sb. a to n\u00e1sledovn\u011b:<\/p>\n\n\n\n<p class=\"wp-block-paragraph\">pro \u00fa\u010dely vyd\u00e1n\u00ed povolenky k&nbsp;lovu ryb do stanoven\u00e9 doby skartace,<\/p>\n\n\n\n<p class=\"wp-block-paragraph\">pro \u00fa\u010dely veden\u00ed vnit\u0159n\u00ed evidence \u010dlen\u016f po dobu trv\u00e1n\u00ed \u010dlenstv\u00ed,<\/p>\n\n\n\n<p class=\"wp-block-paragraph\">pro \u00fa\u010dely veden\u00ed vnit\u0159n\u00ed evidence vylou\u010den\u00fdch \u010dlen\u016f po dobu 24 m\u011bs\u00edc\u016f od vylou\u010den\u00ed,<\/p>\n\n\n\n<p class=\"wp-block-paragraph\">pro \u00fa\u010dely zas\u00edl\u00e1n\u00ed informac\u00ed o \u010dinnosti svazu po dobu trv\u00e1n\u00ed \u010dlenstv\u00ed anebo do odvol\u00e1n\u00ed souhlasu,<\/p>\n\n\n\n<p class=\"wp-block-paragraph\">pro \u00fa\u010dely soudn\u00edch nebo jin\u00fdch \u0159\u00edzen\u00ed.<\/p>\n\n\n\n<p class=\"wp-block-paragraph\"><strong>V.<\/strong><\/p>\n\n\n\n<p class=\"wp-block-paragraph\">Syst\u00e9m zpracov\u00e1n\u00ed osobn\u00edch \u00fadaj\u016f:<\/p>\n\n\n\n<p class=\"wp-block-paragraph\">Osobn\u00ed \u00fadaje \u010dlena jsou zpracov\u00e1v\u00e1ny&nbsp;<strong>automatizovan\u011b v&nbsp;elektronick\u00e9 podob\u011b<\/strong><\/p>\n\n\n\n<p class=\"wp-block-paragraph\">Seznam \u010dlen\u016f je p\u0159\u00edstupn\u00fd pouze \u010dlen\u016fm Svazu, jinak jen v&nbsp;z\u00e1konem stanoven\u00fdch p\u0159\u00edpadech.<\/p>\n\n\n\n<p class=\"wp-block-paragraph\">Osobn\u00ed \u00fadaje \u010dlena zpracov\u00e1vaj\u00ed v\u00fdhradn\u011b funkcion\u00e1\u0159i \u010cRS, nejsou zpracov\u00e1v\u00e1ny jin\u00fdmi zpracovateli osobn\u00edch \u00fadaj\u016f.<\/p>\n\n\n\n<p class=\"wp-block-paragraph\">Varianta 1.<\/p>\n\n\n\n<p class=\"wp-block-paragraph\">\u010cRS zpracov\u00e1v\u00e1 osobn\u00ed \u00fadaje automatizovan\u011b v elektronick\u00e9 form\u011b v&nbsp;programu Ryby 16, kter\u00fd je nainstalov\u00e1n v&nbsp;PC na z\u00e1klad\u011b centr\u00e1ln\u00ed smlouvy o poskytov\u00e1n\u00ed softwarov\u00e9ho vybaven\u00ed s&nbsp;<em>Ing. Miroslav J\u00edlek, Jimitools<\/em>, I\u010cO: 87327503, Doln\u00ed 1553\/21, 792 01 Brunt\u00e1l (firma, I\u010c, adresa).<\/p>\n\n\n\n<p class=\"wp-block-paragraph\">PC (nosi\u010d \u00fadaj\u016f) a samotn\u00fd program Ryby 16 je zabezpe\u010den p\u0159\u00edstupov\u00fdm jm\u00e9nem a heslem.<\/p>\n\n\n\n<p class=\"wp-block-paragraph\">P\u0159\u00edstup opr\u00e1vn\u011bn\u00fdch osob je v&nbsp;syst\u00e9mu logov\u00e1n.&nbsp;<\/p>\n\n\n\n<p class=\"wp-block-paragraph\">Seznam osob s&nbsp;p\u0159\u00edstupem do evidence \u010dlen\u016f:<\/p>\n\n\n\n<p class=\"wp-block-paragraph\">Jm\u00e9no a p\u0159\u00edjmen\u00ed Ing. Kristina Ad\u00e1mkov\u00e1<\/p>\n\n\n\n<p class=\"wp-block-paragraph\">Jm\u00e9no a p\u0159\u00edjmen\u00ed Tom\u00e1\u0161 Dorot\u00edk&nbsp;<\/p>\n\n\n\n<p class=\"wp-block-paragraph\">Jm\u00e9no a p\u0159\u00edjmen\u00ed Tom\u00e1\u0161 Krutil&nbsp;<\/p>\n\n\n\n<p class=\"wp-block-paragraph\"><strong>VI.<\/strong><\/p>\n\n\n\n<p class=\"wp-block-paragraph\">Syst\u00e9m evidence \u010dlen\u016f:<\/p>\n\n\n\n<p class=\"wp-block-paragraph\">Dle \u00a7 236 z\u00e1kona \u010d. 89\/2012 Sb. OZ a dle \u00a7 7 odst. 8 Stanov \u010cRS vede \u010cRS seznam \u010dlen\u016f po dobu trv\u00e1n\u00ed \u010dlenstv\u00ed.&nbsp;V&nbsp;p\u0159\u00edpad\u011b z\u00e1niku \u010dlenstv\u00ed dle \u00a7 3 odst. 7 Stanov \u010cRS mus\u00ed b\u00fdt v\u0161echny osobn\u00ed \u00fadaje \u010dlena neprodlen\u011b vymaz\u00e1ny z&nbsp;informa\u010dn\u00edho syst\u00e9mu (PC) a v&nbsp;p\u0159\u00edpad\u011b listinn\u00e9 podoby nevratn\u011b zlikvidov\u00e1ny.&nbsp;V&nbsp;p\u0159\u00edpad\u011b z\u00e1niku \u010dlenstv\u00ed dle \u00a73 odst. 7 p\u00edsm. c) Stanov \u010cRS bude \u010dlen p\u0159eved do evidence vylou\u010den\u00fdch \u010dlen\u016f dle \u00a77 odst. 9 Stanov \u010cRS.<\/p>\n\n\n\n<p class=\"wp-block-paragraph\">Syst\u00e9m evidence vylou\u010den\u00fdch \u010dlen\u016f:<\/p>\n\n\n\n<p class=\"wp-block-paragraph\">Dle \u00a7 236 z\u00e1kona \u010d. 89\/2012 Sb. NOZ a dle \u00a7 7 odst. 9 Stanov \u010cRS vede \u201e\u010cRS\u201c seznam vylou\u010den\u00fdch \u010dlen\u016f po dobu 24 m\u011bs\u00edc\u016f od vylou\u010den\u00ed.&nbsp;Po uplynut\u00ed k\u00e1rn\u00e9ho opat\u0159en\u00ed vylou\u010den\u00ed dle \u00a7 5 odst. 1 p\u00edsm. d) Stanov \u010cRS mus\u00ed b\u00fdt osobn\u00ed \u00fadaje \u010dlena neprodlen\u011b vymaz\u00e1ny z&nbsp;informa\u010dn\u00edho syst\u00e9mu (PC) a v&nbsp;p\u0159\u00edpad\u011b listinn\u00e9 podoby nevratn\u011b zlikvidov\u00e1ny.<\/p>\n\n\n\n<p class=\"wp-block-paragraph\"><strong>VII.<\/strong><\/p>\n\n\n\n<p class=\"wp-block-paragraph\">Z\u00edsk\u00e1v\u00e1n\u00ed osobn\u00edch \u00fadaj\u016f pro evidenci \u010dlen\u016f:<\/p>\n\n\n\n<p class=\"wp-block-paragraph\">Osobn\u00ed \u00fadaje&nbsp;&nbsp;\u010dlena &#8211; jm\u00e9no, p\u0159\u00edjmen\u00ed, datum narozen\u00ed, m\u00edsto trval\u00e9ho pobytu (ulice a \u010d\u00edslo, obec, PS\u010c)&nbsp;jsou zpracov\u00e1v\u00e1ny po dobu nezbytn\u011b nutnou k zaji\u0161t\u011bn\u00ed vz\u00e1jemn\u00fdch pr\u00e1v a povinnost\u00ed vypl\u00fdvaj\u00edc\u00edch ze Stanov \u010cRS, Jednac\u00edho \u0159\u00e1du \u010cRS, z\u00e1kona \u010d. 99\/2004 Sb. a vyhl\u00e1\u0161ky \u010d. 197\/2004 Sb.&nbsp;a nepodl\u00e9haj\u00ed souhlasu \u010dlena.<\/p>\n\n\n\n<p class=\"wp-block-paragraph\">Proti zpracov\u00e1n\u00ed z\u00e1kladn\u00edch osobn\u00edch \u00fadaj\u016f, jako je jm\u00e9no, p\u0159\u00edjmen\u00ed, datum narozen\u00ed a adresa trval\u00e9ho bydli\u0161t\u011b&nbsp;m\u016f\u017ee \u010dlen podat n\u00e1mitku.&nbsp;V&nbsp;tomto p\u0159\u00edpad\u011b bude \u010dlen pou\u010den, \u017ee v&nbsp;d\u016fsledku n\u00e1mitky dojde k ukon\u010den\u00ed zpracov\u00e1n\u00ed osobn\u00edch \u00fadaj\u016f, bez kter\u00e9ho nen\u00ed dal\u0161\u00ed \u010dlenstv\u00ed v&nbsp;\u010cRS mo\u017en\u00e9. Pokud \u010dlen na sv\u00e9 n\u00e1mitce trv\u00e1, bude zpracov\u00e1n\u00ed osobn\u00edch \u00fadaj\u016f ukon\u010deno a automaticky zru\u0161eno i \u010dlenstv\u00ed v&nbsp;\u010cRS (nem\u016f\u017ee mu b\u00fdt vyd\u00e1na povolenka k&nbsp;lovu ryb).<\/p>\n\n\n\n<p class=\"wp-block-paragraph\">Osobn\u00ed \u00fadaje \u010dlena &#8211; telefonn\u00ed \u010d\u00edslo, e-mail a jin\u00e9&nbsp;jsou zpracov\u00e1v\u00e1ny po dobu trv\u00e1n\u00ed \u010dlenstv\u00ed k zas\u00edl\u00e1n\u00ed informac\u00ed o \u010dinnosti svazu (hlavn\u00edho spolku, pobo\u010dn\u00fdch spolk\u016f).&nbsp;Tyto osobn\u00ed \u00fadaje podl\u00e9haj\u00ed p\u00edsemn\u00e9mu souhlasu \u010dlena.<\/p>\n\n\n\n<p class=\"wp-block-paragraph\">\u010clen nen\u00ed povinen tyto osobn\u00ed \u00fadaje poskytnout, resp. je opr\u00e1vn\u011bnu t\u011bchto \u00fadaj\u016f m\u016f\u017ee souhlas neud\u011blit, \u00fadaje neuv\u00e9st, p\u0159\u00edpadn\u011b pozd\u011bji ji\u017e ud\u011blen\u00fd souhlas odvolat. Neud\u011blen\u00ed nebo pozd\u011bj\u0161\u00ed odvol\u00e1n\u00ed souhlasu nesm\u00ed v\u00e9st k&nbsp;po\u0161kozen\u00ed \u010dlena na jeho pr\u00e1vech, zejm\u00e9na nelze na z\u00e1klad\u011b odvol\u00e1n\u00ed nebo neposkytnut\u00ed souhlasu odm\u00edtnout vydat povolenku nebo zru\u0161it \u010dlenstv\u00ed.<\/p>\n\n\n\n<p class=\"wp-block-paragraph\">\u010cRS mus\u00ed umo\u017enit \u010dlenovi odvolat souhlas stejnou formou, jakou ho d\u0159\u00edve ud\u011blil; v p\u0159\u00edpad\u011b p\u00edsemn\u00e9 p\u0159ihl\u00e1\u0161ky je tedy nutn\u00e9 umo\u017enit i p\u00edsemnou formou tento souhlas odvolat. Sou\u010dasn\u011b v\u0161ak nen\u00ed vylou\u010dena mo\u017enost souhlas odvolat i jinou, dostate\u010dn\u011b srozumitelnou a prokazatelnou formou v&nbsp;souladu s pr\u00e1vn\u00edmi p\u0159edpisy.<\/p>\n\n\n\n<p class=\"wp-block-paragraph\">\u010cRS u nov\u00e9ho \u010dlena m\u016f\u017ee tento souhlas z\u00edskat p\u0159i podpisu p\u0159ihl\u00e1\u0161ky za \u010dlena \u010cRS.<\/p>\n\n\n\n<p class=\"wp-block-paragraph\">V&nbsp;p\u0159\u00edpad\u011b, \u017ee \u010cRS zpracov\u00e1v\u00e1 osobn\u00ed \u00fadaje podl\u00e9haj\u00edc\u00ed souhlasu u st\u00e1vaj\u00edc\u00edho \u010dlena, bude tento souhlas zaji\u0161t\u011bn p\u0159i nejbli\u017e\u0161\u00ed p\u0159\u00edle\u017eitosti, tzn. p\u0159i vr\u00e1cen\u00ed vydan\u00e9 povolenky na rok 2018, pop\u0159\u00edpad\u011b p\u0159i v\u00fddeji \u010dlensk\u00e9 zn\u00e1mky \u010di povolenky pro rok 2019.<\/p>\n\n\n\n<p class=\"wp-block-paragraph\"><strong>VIII.<\/strong><\/p>\n\n\n\n<p class=\"wp-block-paragraph\">Vracen\u00ed povolenky k&nbsp;lovu ryb:<\/p>\n\n\n\n<p class=\"wp-block-paragraph\">Na z\u00e1klad\u011b \u00a7 4 odst. 2 p\u00edsm. c) Stanov \u010cRS je \u010dlen povinen do 15 dn\u016f po skon\u010den\u00ed platnosti povolenky k&nbsp;lovu ryb vr\u00e1tit \u0159\u00e1dn\u011b vypln\u011bn\u00fd odd\u00edl II. povolenky k&nbsp;lovu u\u017eivateli ryb\u00e1\u0159sk\u00e9ho rev\u00edru, kter\u00fd povolenku vydal.<\/p>\n\n\n\n<p class=\"wp-block-paragraph\">Varianta 1<\/p>\n\n\n\n<p class=\"wp-block-paragraph\">\u010cRS je po p\u0159evzet\u00ed vr\u00e1cen\u00e9 povolenky k&nbsp;lovu ryb povinen, p\u0159ed p\u0159ed\u00e1n\u00edm zpracovateli statistick\u00fdch \u00fadaj\u016f vypln\u011bn\u00fdch v&nbsp;odd\u00edle II. povolenky k&nbsp;lovu ryb, zneviditelnit (za\u010dernit) na povolence k&nbsp;lovu ryb osobn\u00ed \u00fadaje \u010dlena.<\/p>\n\n\n\n<p class=\"wp-block-paragraph\">Varianta 2 a (pro MO, kter\u00e9 samy zpracov\u00e1vaj\u00ed statistiky \u00falovk\u016f)<\/p>\n\n\n\n<p class=\"wp-block-paragraph\">Po p\u0159evzet\u00ed vr\u00e1cen\u00e9 \u00fazemn\u00ed nebo m\u00edstn\u00ed povolenky k&nbsp;lovu ryb \u010cRS provede zpracov\u00e1n\u00ed statistik \u00falovk\u016f (odd\u00edl II. povolenky k&nbsp;lovu ryb) m\u00edstn\u00ed organizace. Po zpracov\u00e1n\u00ed statistick\u00fdch \u00fadaj\u016f budou povolenky k&nbsp;lovu ryb po stanoven\u00e9 skarta\u010dn\u00ed dob\u011b nevratn\u011b zlikvidov\u00e1ny.<\/p>\n\n\n\n<p class=\"wp-block-paragraph\">Pov\u011b\u0159en\u00e1 osoba za zpracov\u00e1n\u00ed statistik \u00falovk\u016f v&nbsp;m\u00edstn\u00ed organizaci je Tom\u00e1\u0161 Krutil<\/p>\n\n\n\n<p class=\"wp-block-paragraph\">Varianta 2 d (pro zpracov\u00e1n\u00ed statistik \u00falovk\u016f celosvazov\u00fdch povolenek)<\/p>\n\n\n\n<p class=\"wp-block-paragraph\">Po p\u0159evzet\u00ed vr\u00e1cen\u00e9 celosvazov\u00e9 povolenky k&nbsp;lovu ryb \u010cRS p\u0159ed\u00e1 povolenky ke zpracov\u00e1n\u00ed statistik \u00falovk\u016f (odd\u00edl II. povolenky k&nbsp;lovu ryb) \u00fazemn\u00edmu svazu, kter\u00fd je p\u0159ed\u00e1 sekretari\u00e1tu Rady \u010cRS a ten n\u00e1sledn\u011b zpracovateli &#8211; firm\u011b Miroslav Novotn\u00fd, I\u010c: 49701282 na z\u00e1klad\u011b smlouvy o zpracov\u00e1n\u00ed. Po zpracov\u00e1n\u00ed statistick\u00fdch \u00fadaj\u016f budou povolenky za \u00fa\u010dasti pov\u011b\u0159en\u00e9 osoby (sekretari\u00e1tu Rady \u010cRS) k&nbsp;lovu ryb po stanoven\u00e9 skarta\u010dn\u00ed dob\u011b nevratn\u011b zlikvidov\u00e1ny.<\/p>\n\n\n\n<p class=\"wp-block-paragraph\">Pov\u011b\u0159en\u00e1 osoba za sekretari\u00e1t Rady \u010cRS je Irena Bene\u0161ov\u00e1. &nbsp;<\/p>\n\n\n\n<p class=\"wp-block-paragraph\"><strong>IX.<\/strong><\/p>\n\n\n\n<p class=\"wp-block-paragraph\">Pou\u010den\u00ed o pr\u00e1vech subjektu \u00fadaj\u016f (\u010dlena)<\/p>\n\n\n\n<p class=\"wp-block-paragraph\">\u010clen m\u00e1 pr\u00e1vo po\u017e\u00e1dat spr\u00e1vce o poskytnut\u00ed informace o zpracov\u00e1n\u00ed jeho osobn\u00edch \u00fadaj\u016f. \u010clen m\u00e1 sou\u010dasn\u011b pr\u00e1vo tyto informace bez zbyte\u010dn\u00e9ho odkladu (nejpozd\u011bji do 1 m\u011bs\u00edce) bez \u00faplatn\u011b obdr\u017eet. Obsah informace je shodn\u00fd s&nbsp;obsahem pou\u010den\u00ed (viz p\u0159\u00edloha 1).<\/p>\n\n\n\n<p class=\"wp-block-paragraph\">\u010clen m\u00e1 pr\u00e1vo, aby spr\u00e1vce bez zbyte\u010dn\u00e9ho odkladu opravil nep\u0159esn\u00e9 osobn\u00ed \u00fadaje, kter\u00e9 se ho t\u00fdkaj\u00ed. S p\u0159ihl\u00e9dnut\u00edm k \u00fa\u010del\u016fm zpracov\u00e1n\u00ed m\u00e1 \u010dlen pr\u00e1vo na dopln\u011bn\u00ed ne\u00fapln\u00fdch osobn\u00edch \u00fadaj\u016f, a to i poskytnut\u00edm dodate\u010dn\u00e9ho prohl\u00e1\u0161en\u00ed.<\/p>\n\n\n\n<p class=\"wp-block-paragraph\">\u010clen m\u00e1 pr\u00e1vo, aby spr\u00e1vce bez zbyte\u010dn\u00e9ho odkladu vymazal osobn\u00ed \u00fadaje, kter\u00e9 se ho t\u00fdkaj\u00ed, a spr\u00e1vce m\u00e1 povinnost osobn\u00ed \u00fadaje bez zbyte\u010dn\u00e9ho odkladu vymazat, pokud je d\u00e1n n\u011bkter\u00fd z d\u016fvod\u016f stanoven\u00fdch obecn\u00fdm na\u0159\u00edzen\u00edm o ochran\u011b osobn\u00edch \u00fadaj\u016f.&nbsp;<\/p>\n\n\n\n<p class=\"wp-block-paragraph\">\u010clen m\u00e1 pr\u00e1vo, aby spr\u00e1vce omezil zpracov\u00e1n\u00ed osobn\u00edch \u00fadaj\u016f, v p\u0159\u00edpadech stanoven\u00fdch obecn\u00fdm na\u0159\u00edzen\u00edm o ochran\u011b osobn\u00edch \u00fadaj\u016f.&nbsp;<\/p>\n\n\n\n<p class=\"wp-block-paragraph\">\u010clen m\u00e1 pr\u00e1vo vzn\u00e9st n\u00e1mitku proti zpracov\u00e1n\u00ed osobn\u00edch \u00fadaj\u016f, kter\u00e9 se ho t\u00fdkaj\u00ed, pokud Spr\u00e1vce zpracov\u00e1v\u00e1 osobn\u00ed \u00fadaje z n\u00e1sleduj\u00edc\u00edch d\u016fvod\u016f:<\/p>\n\n\n\n<p class=\"wp-block-paragraph\">&#8211; zpracov\u00e1n\u00ed je nezbytn\u00e9 pro spln\u011bn\u00ed \u00fakolu prov\u00e1d\u011bn\u00e9ho ve ve\u0159ejn\u00e9m z\u00e1jmu nebo p\u0159i v\u00fdkonu ve\u0159ejn\u00e9 moci, kter\u00fdm je pov\u011b\u0159en Spr\u00e1vce,<\/p>\n\n\n\n<p class=\"wp-block-paragraph\">&#8211; zpracov\u00e1n\u00ed je nezbytn\u00e9 pro \u00fa\u010dely opr\u00e1vn\u011bn\u00fdch z\u00e1jm\u016f Spr\u00e1vce \u010di t\u0159et\u00ed strany,<\/p>\n\n\n\n<p class=\"wp-block-paragraph\">\u010clen m\u00e1 pr\u00e1vo bez\u00faplatn\u011b z\u00edskat osobn\u00ed \u00fadaje, kter\u00e9 se ho t\u00fdkaj\u00ed, je\u017e poskytl spr\u00e1vci, ve strukturovan\u00e9m, b\u011b\u017en\u011b pou\u017e\u00edvan\u00e9m a strojov\u011b \u010diteln\u00e9m form\u00e1tu, a pr\u00e1vo p\u0159edat tyto \u00fadaje jin\u00e9mu spr\u00e1vci, ani\u017e by tomu spr\u00e1vce br\u00e1nil, a to v p\u0159\u00edpadech stanoven\u00fdch obecn\u00fdm na\u0159\u00edzen\u00edm o ochran\u011b osobn\u00edch \u00fadaj\u016f.<\/p>\n\n\n\n<p class=\"wp-block-paragraph\">Pokud je zpracov\u00e1n\u00ed osobn\u00edch \u00fadaj\u016f zalo\u017eeno na souhlasu se zpracov\u00e1n\u00edm osobn\u00edch \u00fadaj\u016f poskytnut\u00e9 \u010dlenem, m\u00e1 tento \u010dlen pr\u00e1vo souhlas kdykoliv odvolat.<\/p>\n\n\n\n<p class=\"wp-block-paragraph\">Pokud se \u010dlen domn\u00edv\u00e1, \u017ee do\u0161lo k poru\u0161en\u00ed pr\u00e1vn\u00edch p\u0159edpis\u016f v souvislosti s ochranou jeho osobn\u00edch \u00fadaj\u016f, m\u00e1 pr\u00e1vo podat st\u00ed\u017enost u n\u011bkter\u00e9ho dozorov\u00e9ho \u00fa\u0159adu. Dozorov\u00fdm \u00fa\u0159adem je v \u010cesk\u00e9 republice \u00da\u0159ad pro ochranu osobn\u00edch \u00fadaj\u016f.<\/p>\n\n\n\n<p class=\"wp-block-paragraph\"><strong>X.<\/strong><\/p>\n\n\n\n<p class=\"wp-block-paragraph\">Dle \u010dl. 33 Obecn\u00e9ho na\u0159\u00edzen\u00ed o ochran\u011b osobn\u00edch \u00fadaj\u016f je \u010cRS povinen v p\u0159\u00edpadech poru\u0161en\u00ed zabezpe\u010den\u00ed osobn\u00edch \u00fadaj\u016f bez zbyte\u010dn\u00e9ho odkladu a pokud mo\u017eno do 72 hodin od okam\u017eiku, kdy se o n\u011bm dozv\u011bd\u011bl, ohl\u00e1sit poru\u0161en\u00ed dozorov\u00e9mu \u00fa\u0159adu. Dle \u010dl. 34 Obecn\u00e9ho na\u0159\u00edzen\u00ed o ochran\u011b osobn\u00edch \u00fadaj\u016f je \u010cRS povinen ozn\u00e1mit poru\u0161en\u00ed zabezpe\u010den\u00ed osobn\u00edch \u00fadaj\u016f subjekt\u016f \u00fadaj\u016f tedy \u010dlen\u016fm.<\/p>\n\n\n\n<p class=\"wp-block-paragraph\"><strong>XI.<\/strong><\/p>\n\n\n\n<p class=\"wp-block-paragraph\">Povinnost poskytnut\u00ed informac\u00ed o zpracov\u00e1n\u00ed osobn\u00edch \u00fadaj\u016f a pou\u010den\u00ed o pr\u00e1vech v&nbsp;souvislosti s&nbsp;ochranou osobn\u00edch \u00fadaj\u016f subjektu \u00fadaj\u016f (\u010dlenovi):<\/p>\n\n\n\n<p class=\"wp-block-paragraph\">\u010cRS je povinen informaci o zpracov\u00e1n\u00ed osobn\u00edch \u00fadaj\u016f a pou\u010den\u00ed o pr\u00e1vech v souvislosti s ochranou osobn\u00edch \u00fadaj\u016f subjektu \u00fadaj\u016f d\u00e1t na v\u011bdom\u00ed v\u0161em \u010dlen\u016fm dle mo\u017enost\u00ed \u010cRS a to bu\u010f formou ve\u0159ejn\u00e9 v\u00fdv\u011bsky nebo um\u00edst\u011bn\u00edm na webov\u00e9 str\u00e1nky nebo poskytnut\u00ed informac\u00ed p\u0159i v\u00fddeji povolenky k&nbsp;lovu ryb.&nbsp;<\/p>\n\n\n\n<p class=\"wp-block-paragraph\">viz p\u0159\u00edloha \u010d. 1<\/p>\n\n\n\n<p class=\"wp-block-paragraph\">P\u0159ihl\u00e1\u0161ka za nov\u00e9ho \u010dlena se souhlasem se zpracov\u00e1n\u00edm osobn\u00edch \u00fadaj\u016f:<\/p>\n\n\n\n<p class=\"wp-block-paragraph\">viz p\u0159\u00edloha \u010d. 2<\/p>\n\n\n\n<p class=\"wp-block-paragraph\">Souhlasem se zpracov\u00e1n\u00edm osobn\u00edch \u00fadaj\u016f sou\u010dasn\u00fdch \u010dlen\u016f:<\/p>\n\n\n\n<p class=\"wp-block-paragraph\">Souhlas a odvol\u00e1n\u00ed souhlasu se zpracov\u00e1n\u00edm osobn\u00edch \u00fadaj\u016f:<\/p>\n\n\n\n<p class=\"wp-block-paragraph\">viz p\u0159\u00edloha \u010d. 3&nbsp;<\/p>\n\n\n\n<p class=\"wp-block-paragraph\">P\u0159\u00edloha \u010d. 1<\/p>\n\n\n\n<p class=\"wp-block-paragraph\"><strong>INFORMACE O ZPRACOV\u00c1N\u00cd OSOBN\u00cdCH \u00daDAJ\u016e<\/strong><\/p>\n\n\n\n<p class=\"wp-block-paragraph\"><strong>POU\u010cEN\u00cd O PR\u00c1VECH V&nbsp;SOUVISLOSTI S&nbsp;OCHRANOU OSOBN\u00cdCH \u00daDAJ\u016e<\/strong><\/p>\n\n\n\n<p class=\"wp-block-paragraph\">\u00daVODN\u00cd INFORMACE<\/p>\n\n\n\n<p class=\"wp-block-paragraph\">Pros\u00edm, v\u011bnujte pozornost n\u00e1sleduj\u00edc\u00edmu dokumentu, jeho\u017e prost\u0159ednictv\u00edm V\u00e1m poskytujeme informace o zpracov\u00e1n\u00ed Va\u0161ich osobn\u00edch \u00fadaj\u016f a o pr\u00e1vech souvisej\u00edc\u00edch se zpracov\u00e1v\u00e1n\u00edm Va\u0161ich osobn\u00edch \u00fadaj\u016f v&nbsp;r\u00e1mci na\u0161\u00ed \u010dinnosti, tedy v&nbsp;souvislosti se slu\u017ebou, kter\u00e1 V\u00e1m je poskytov\u00e1na. Jak\u00e9koliv nakl\u00e1d\u00e1n\u00ed s&nbsp;osobn\u00edmi \u00fadaji se \u0159\u00edd\u00ed platn\u00fdmi pr\u00e1vn\u00edmi p\u0159edpisy, zejm\u00e9na na\u0159\u00edzen\u00edm Evropsk\u00e9ho parlamentu a Rady \u010d. 2016\/679 ze dne 27. 4. 2016 o ochran\u011b fyzick\u00fdch osob v souvislosti se zpracov\u00e1n\u00edm osobn\u00edch \u00fadaj\u016f a o voln\u00e9m pohybu t\u011bchto \u00fadaj\u016f a o zru\u0161en\u00ed sm\u011brnice 95\/46\/ES (d\u00e1le jen \u201eobecn\u00e9 na\u0159\u00edzen\u00ed o ochran\u011b osobn\u00edch \u00fadaj\u016f\u201c) a z\u00e1konem o ochran\u011b osobn\u00edch \u00fadaj\u016f. V souladu s ustanoven\u00edm \u010dl. 13 a n\u00e1sleduj\u00edc\u00ed obecn\u00e9ho na\u0159\u00edzen\u00ed o ochran\u011b osobn\u00edch \u00fadaj\u016f V\u00e1m jako tzv. subjekt\u016fm \u00fadaj\u016f poskytujeme n\u00e1sleduj\u00edc\u00ed informace. Tento dokument je ve\u0159ejn\u00fd a slou\u017e\u00ed k&nbsp;Va\u0161emu \u0159\u00e1dn\u00e9mu informov\u00e1n\u00ed o rozsahu, \u00fa\u010delu, dob\u011b zpracov\u00e1n\u00ed osobn\u00edch \u00fadaj\u016f a k&nbsp;pou\u010den\u00ed o Va\u0161ich pr\u00e1vech v&nbsp;souvislosti s&nbsp;jejich ochranou.<\/p>\n\n\n\n<p class=\"wp-block-paragraph\">KDO JE SPR\u00c1VCEM OSOBN\u00cdCH \u00daDAJ\u016e?<\/p>\n\n\n\n<p class=\"wp-block-paragraph\">Spr\u00e1vcem osobn\u00edch \u00fadaj\u016f je spole\u010dnost [MO \u010cR Vala\u0161sk\u00e9 Mezi\u0159\u00ed\u010d\u00ed&nbsp;I\u010c: [18050476], zapsan\u00e1 ve spolkov\u00e9m rejst\u0159\u00edku veden\u00e9m M\u011bstsk\u00fdm soudem v Praze, pod sp. zn. [7042] (d\u00e1le jen \u201e\u010cRS\u201c).<\/p>\n\n\n\n<p class=\"wp-block-paragraph\">OBECN\u011a &#8211; CO V\u0160E PAT\u0158\u00cd MEZI OSOBN\u00cd \u00daDAJE?<\/p>\n\n\n\n<p class=\"wp-block-paragraph\">Osobn\u00edmi \u00fadaji jsou ve\u0161ker\u00e9 informace vztahuj\u00edc\u00ed se k identifikovan\u00e9 \u010di identifikovateln\u00e9 fyzick\u00e9 osob\u011b (\u010dlov\u011bku), na z\u00e1klad\u011b kter\u00fdch lze konkr\u00e9tn\u00ed fyzickou osobu p\u0159\u00edmo \u010di nep\u0159\u00edmo identifikovat. Mezi osobn\u00ed \u00fadaje tak pat\u0159\u00ed \u0161irok\u00e1 \u0161k\u00e1la informac\u00ed, jako je nap\u0159\u00edklad jm\u00e9no, pohlav\u00ed, v\u011bk a datum narozen\u00ed, osobn\u00ed stav, fotografie (resp. jak\u00e9koliv zobrazen\u00ed podoby), rodn\u00e9 \u010d\u00edslo, m\u00edsto trval\u00e9ho pobytu, telefonn\u00ed \u010d\u00edslo, e-mail, \u00fadaje o zdravotn\u00ed poji\u0161\u0165ovn\u011b, st\u00e1tn\u00ed ob\u010danstv\u00ed, \u00fadaje o zdravotn\u00edm stavu (fyzick\u00e9m i psychick\u00e9m), ale tak\u00e9 otisk prstu, podpis nebo IP adresa.&nbsp;<\/p>\n\n\n\n<p class=\"wp-block-paragraph\">ROZSAH ZPRACOV\u00c1VAN\u00ddCH OSOBN\u00cdCH \u00daDAJ\u016e<\/p>\n\n\n\n<p class=\"wp-block-paragraph\">Informujeme V\u00e1s, \u017ee osobn\u00ed \u00fadaje subjekt\u016f \u00fadaj\u016f jsou zpracov\u00e1v\u00e1ny v rozsahu: jm\u00e9no, p\u0159\u00edjmen\u00ed, datum a m\u00edsto narozen\u00ed, m\u00edsto trval\u00e9ho pobytu (ulice a \u010d\u00edslo, obec, PS\u010c), p\u0159\u00edpadn\u011b i telefonn\u00ed \u010d\u00edslo a e-mail a jin\u00e9.<\/p>\n\n\n\n<p class=\"wp-block-paragraph\">\u00da\u010cEL ZPRACOV\u00c1N\u00cd OSOBN\u00cdCH \u00daDAJ\u016e<\/p>\n\n\n\n<p class=\"wp-block-paragraph\">\u010cRS jako spr\u00e1vce osobn\u00edch \u00fadaj\u016f v&nbsp;r\u00e1mci sv\u00e9 \u010dinnosti zpracov\u00e1v\u00e1 a uchov\u00e1v\u00e1 za podm\u00ednek a v mez\u00edch stanoven\u00fdch platnou pr\u00e1vn\u00ed \u00fapravou, zejm\u00e9na v souladu s ustanoven\u00edm \u010dl. 6 odst. 1 p\u00edsm. b) obecn\u00e9ho na\u0159\u00edzen\u00ed o ochran\u011b osobn\u00edch \u00fadaj\u016f, osobn\u00ed \u00fadaje subjektu \u00fadaj\u016f k t\u011bmto \u00fa\u010del\u016fm:<\/p>\n\n\n\n<p class=\"wp-block-paragraph\">v\u00fddej povolenky k&nbsp;lovu ryb<\/p>\n\n\n\n<p class=\"wp-block-paragraph\">veden\u00ed vnit\u0159n\u00ed evidence \u010dlen\u016f<\/p>\n\n\n\n<p class=\"wp-block-paragraph\">veden\u00ed vnit\u0159n\u00ed evidence vylou\u010den\u00fdch \u010dlen\u016f<\/p>\n\n\n\n<p class=\"wp-block-paragraph\">zas\u00edl\u00e1n\u00ed informac\u00ed o \u010dinnosti svazu (hlavn\u00edho spolku, pobo\u010dn\u00fdch spolk\u016f)<\/p>\n\n\n\n<p class=\"wp-block-paragraph\">DOBA ZPRACOV\u00c1N\u00cd OSOBN\u00cdCH \u00daDAJ\u016e<\/p>\n\n\n\n<p class=\"wp-block-paragraph\">Osobn\u00ed \u00fadaje budou zpracov\u00e1v\u00e1ny po dobu nezbytn\u011b nutnou k zaji\u0161t\u011bn\u00ed vz\u00e1jemn\u00fdch pr\u00e1v a povinnost\u00ed vypl\u00fdvaj\u00edc\u00edch ze Stanov \u010cRS, Jednac\u00edho \u0159\u00e1du \u010cRS, z\u00e1kona \u010d. 99\/2004 Sb. a vyhl\u00e1\u0161ky \u010d. 197\/2004 Sb. a to n\u00e1sledovn\u011b:<\/p>\n\n\n\n<p class=\"wp-block-paragraph\">pro \u00fa\u010dely vyd\u00e1n\u00ed povolenky k&nbsp;lovu ryb do stanoven\u00e9 doby skartace,<\/p>\n\n\n\n<p class=\"wp-block-paragraph\">pro \u00fa\u010dely veden\u00ed vnit\u0159n\u00ed evidence \u010dlen\u016f po dobu trv\u00e1n\u00ed \u010dlenstv\u00ed,<\/p>\n\n\n\n<p class=\"wp-block-paragraph\">pro \u00fa\u010dely veden\u00ed vnit\u0159n\u00ed evidence vylou\u010den\u00fdch \u010dlen\u016f po dobu 24 m\u011bs\u00edc\u016f od vylou\u010den\u00ed,<\/p>\n\n\n\n<p class=\"wp-block-paragraph\">pro \u00fa\u010dely zas\u00edl\u00e1n\u00ed informac\u00ed o \u010dinnosti svazu po dobu trv\u00e1n\u00ed \u010dlenstv\u00ed,&nbsp;<\/p>\n\n\n\n<p class=\"wp-block-paragraph\">pro \u00fa\u010dely soudn\u00edch nebo jin\u00fdch \u0159\u00edzen\u00ed.&nbsp;<\/p>\n\n\n\n<p class=\"wp-block-paragraph\">DAL\u0160\u00cd INFORMACE O ZPRACOV\u00c1N\u00cd OSOBN\u00cdCH \u00daDAJ\u016e<\/p>\n\n\n\n<p class=\"wp-block-paragraph\">Osobn\u00ed \u00fadaje subjektu \u00fadaj\u016f jsou zpracov\u00e1v\u00e1ny automatizovan\u011b v elektronick\u00e9 form\u011b nebo manu\u00e1ln\u011b funkcion\u00e1\u0159i \u010cRS.<\/p>\n\n\n\n<p class=\"wp-block-paragraph\">Osobn\u00ed \u00fadaje subjektu \u00fadaj\u016f nebudou zpracov\u00e1v\u00e1ny zpracovateli osobn\u00edch \u00fadaj\u016f.<\/p>\n\n\n\n<p class=\"wp-block-paragraph\">POU\u010cEN\u00cd O PR\u00c1VECH SUBJEKT\u016e \u00daDAJ\u016e<\/p>\n\n\n\n<p class=\"wp-block-paragraph\">Subjekt \u00fadaj\u016f m\u00e1 pr\u00e1vo po\u017e\u00e1dat Spr\u00e1vce bez\u00faplatn\u011b o poskytnut\u00ed informace o zpracov\u00e1n\u00ed jeho osobn\u00edch \u00fadaj\u016f. Subjekt \u00fadaj\u016f m\u00e1 sou\u010dasn\u011b pr\u00e1vo tyto informace bez zbyte\u010dn\u00e9ho odkladu (nejpozd\u011bji do 1 m\u011bs\u00edce) obdr\u017eet.<\/p>\n\n\n\n<p class=\"wp-block-paragraph\">Subjekt \u00fadaj\u016f m\u00e1 pr\u00e1vo, aby spr\u00e1vce bez zbyte\u010dn\u00e9ho odkladu opravil nep\u0159esn\u00e9 osobn\u00ed \u00fadaje, kter\u00e9 se ho t\u00fdkaj\u00ed. S p\u0159ihl\u00e9dnut\u00edm k \u00fa\u010del\u016fm zpracov\u00e1n\u00ed m\u00e1 subjekt \u00fadaj\u016f pr\u00e1vo na dopln\u011bn\u00ed ne\u00fapln\u00fdch osobn\u00edch \u00fadaj\u016f, a to i poskytnut\u00edm dodate\u010dn\u00e9ho prohl\u00e1\u0161en\u00ed.<\/p>\n\n\n\n<p class=\"wp-block-paragraph\">Subjekt \u00fadaj\u016f m\u00e1 pr\u00e1vo, aby spr\u00e1vce bez zbyte\u010dn\u00e9ho odkladu vymazal osobn\u00ed \u00fadaje, kter\u00e9 se dan\u00e9ho subjektu \u00fadaj\u016f t\u00fdkaj\u00ed, a spr\u00e1vce m\u00e1 povinnost osobn\u00ed \u00fadaje bez zbyte\u010dn\u00e9ho odkladu vymazat, pokud je d\u00e1n n\u011bkter\u00fd z d\u016fvod\u016f stanoven\u00fdch&nbsp;<a><\/a><a><\/a>obecn\u00fdm na\u0159\u00edzen\u00edm o ochran\u011b osobn\u00edch \u00fadaj\u016f.&nbsp;<\/p>\n\n\n\n<p class=\"wp-block-paragraph\">Subjekt \u00fadaj\u016f m\u00e1 pr\u00e1vo, aby spr\u00e1vce omezil zpracov\u00e1n\u00ed osobn\u00edch \u00fadaj\u016f, v p\u0159\u00edpadech stanoven\u00fdch obecn\u00fdm na\u0159\u00edzen\u00edm o ochran\u011b osobn\u00edch \u00fadaj\u016f.<\/p>\n\n\n\n<p class=\"wp-block-paragraph\">Subjekt \u00fadaj\u016f m\u00e1 pr\u00e1vo vzn\u00e9st n\u00e1mitku proti zpracov\u00e1n\u00ed osobn\u00edch \u00fadaj\u016f, kter\u00e9 se ho t\u00fdkaj\u00ed, pokud Spr\u00e1vce zpracov\u00e1v\u00e1 osobn\u00ed \u00fadaje z&nbsp;n\u00e1sleduj\u00edc\u00edch d\u016fvod\u016f:<\/p>\n\n\n\n<p class=\"wp-block-paragraph\">zpracov\u00e1n\u00ed je nezbytn\u00e9 pro spln\u011bn\u00ed \u00fakolu prov\u00e1d\u011bn\u00e9ho ve ve\u0159ejn\u00e9m z\u00e1jmu nebo p\u0159i v\u00fdkonu ve\u0159ejn\u00e9 moci, kter\u00fdm je pov\u011b\u0159en Spr\u00e1vce,<\/p>\n\n\n\n<p class=\"wp-block-paragraph\">zpracov\u00e1n\u00ed je nezbytn\u00e9 pro \u00fa\u010dely opr\u00e1vn\u011bn\u00fdch z\u00e1jm\u016f Spr\u00e1vce \u010di t\u0159et\u00ed strany,<\/p>\n\n\n\n<p class=\"wp-block-paragraph\">Subjekt \u00fadaj\u016f m\u00e1 pr\u00e1vo z\u00edskat osobn\u00ed \u00fadaje, kter\u00e9 se ho t\u00fdkaj\u00ed, je\u017e poskytl spr\u00e1vci, ve strukturovan\u00e9m, b\u011b\u017en\u011b pou\u017e\u00edvan\u00e9m a strojov\u011b \u010diteln\u00e9m form\u00e1tu, a pr\u00e1vo p\u0159edat tyto \u00fadaje jin\u00e9mu spr\u00e1vci, ani\u017e by tomu spr\u00e1vce br\u00e1nil, a to v p\u0159\u00edpadech stanoven\u00fdch obecn\u00fdm na\u0159\u00edzen\u00edm o ochran\u011b osobn\u00edch \u00fadaj\u016f.<\/p>\n\n\n\n<p class=\"wp-block-paragraph\">Pokud je zpracov\u00e1n\u00ed osobn\u00edch \u00fadaj\u016f zalo\u017eeno na souhlasu se zpracov\u00e1n\u00edm osobn\u00edch \u00fadaj\u016f poskytnut\u00e9m subjektem \u00fadaj\u016f, m\u00e1 tento subjekt \u00fadaj\u016f pr\u00e1vo souhlas kdykoliv odvolat.<\/p>\n\n\n\n<p class=\"wp-block-paragraph\">Pokud se subjekt \u00fadaj\u016f domn\u00edv\u00e1, \u017ee do\u0161lo k poru\u0161en\u00ed pr\u00e1vn\u00edch p\u0159edpis\u016f v souvislosti s ochranou jeho osobn\u00edch \u00fadaj\u016f, m\u00e1 pr\u00e1vo podat st\u00ed\u017enost u n\u011bkter\u00e9ho dozorov\u00e9ho \u00fa\u0159adu. Dozorov\u00fdm \u00fa\u0159adem je v \u010cesk\u00e9 republice \u00da\u0159ad pro ochranu osobn\u00edch \u00fadaj\u016f.<\/p>\n\n\n\n<p class=\"wp-block-paragraph\">Dle \u010dl. 33 Obecn\u00e9ho na\u0159\u00edzen\u00ed o ochran\u011b osobn\u00edch \u00fadaj\u016f je \u010cRS povinen v p\u0159\u00edpadech poru\u0161en\u00ed zabezpe\u010den\u00ed osobn\u00edch \u00fadaj\u016f bez zbyte\u010dn\u00e9ho odkladu a pokud mo\u017eno do 72 hodin od okam\u017eiku, kdy se o n\u011bm dozv\u011bd\u011bl, ohl\u00e1sit poru\u0161en\u00ed dozorov\u00e9mu \u00fa\u0159adu. Dle \u010dl. 34 Obecn\u00e9ho na\u0159\u00edzen\u00ed o ochran\u011b osobn\u00edch \u00fadaj\u016f je \u010cRS povinen ozn\u00e1mit poru\u0161en\u00ed zabezpe\u010den\u00ed osobn\u00edch \u00fadaj\u016f subjekt\u016f \u00fadaj\u016f tedy \u010dlen\u016fm.&nbsp;<\/p>\n\n\n\n<p class=\"wp-block-paragraph\">Raz\u00edtko m\u00edstn\u00ed organizace<\/p>\n\n\n\n<p class=\"wp-block-paragraph\"><strong>P\u0159ihl\u00e1\u0161ka<\/strong><\/p>\n\n\n\n<p class=\"wp-block-paragraph\"><strong>\u010dlena \u010cesk\u00e9ho ryb\u00e1\u0159sk\u00e9ho svazu<\/strong><\/p>\n\n\n\n<p class=\"wp-block-paragraph\">Podepsan\u00fd\/-\u00e1<\/p>\n\n\n\n<p class=\"wp-block-paragraph\">(p\u0159\u00edjmen\u00ed a jm\u00e9no, titul): \u2026\u2026\u2026\u2026\u2026\u2026\u2026\u2026\u2026\u2026\u2026\u2026\u2026\u2026\u2026\u2026\u2026\u2026\u2026\u2026\u2026\u2026\u2026\u2026\u2026\u2026\u2026<\/p>\n\n\n\n<p class=\"wp-block-paragraph\">Narozen\/a dne: \u2026\u2026\u2026\u2026\u2026\u2026\u2026\u2026\u2026\u2026\u2026\u2026\u2026\u2026<\/p>\n\n\n\n<p class=\"wp-block-paragraph\">Povol\u00e1n\u00ed: \u2026\u2026\u2026\u2026\u2026\u2026\u2026\u2026\u2026\u2026\u2026\u2026\u2026\u2026\u2026\u2026\u2026\u2026\u2026\u2026\u2026\u2026\u2026\u2026\u2026\u2026\u2026<\/p>\n\n\n\n<p class=\"wp-block-paragraph\">M\u00edsto trval\u00e9ho pobytu: \u2026\u2026\u2026\u2026\u2026\u2026\u2026\u2026\u2026\u2026\u2026\u2026\u2026\u2026\u2026\u2026\u2026\u2026\u2026\u2026\u2026\u2026\u2026\u2026\u2026\u2026\u2026<\/p>\n\n\n\n<p class=\"wp-block-paragraph\">PS\u010c: \u2026\u2026\u2026\u2026\u2026\u2026\u2026\u2026\u2026\u2026<\/p>\n\n\n\n<p class=\"wp-block-paragraph\"><strong>Prohla\u0161uji, \u017ee mi nebylo ulo\u017eeno k\u00e1rn\u00e9 opat\u0159en\u00ed vylou\u010den\u00ed z&nbsp;\u010cRS nebo MRS, a nebylo proti mn\u011b ani zah\u00e1jeno k\u00e1rn\u00e9 \u0159\u00edzen\u00ed podle Stanov \u010cRS nebo MRS.<\/strong><\/p>\n\n\n\n<p class=\"wp-block-paragraph\">Dne: \u2026\u2026\u2026\u2026\u2026\u2026\u2026\u2026\u2026\u2026\u2026\u2026<\/p>\n\n\n\n<p class=\"wp-block-paragraph\">&nbsp;&nbsp;&nbsp;&nbsp;&nbsp;&nbsp;&nbsp;&nbsp;&nbsp;&nbsp;&nbsp;&nbsp;&nbsp;&nbsp;&nbsp;&nbsp;&nbsp;&nbsp;&nbsp;&nbsp;&nbsp;&nbsp;&nbsp;&nbsp;&nbsp;&nbsp;&nbsp;&nbsp;&nbsp;&nbsp;&nbsp;&nbsp;&nbsp;&nbsp;&nbsp;&nbsp;&nbsp;&nbsp;&nbsp;&nbsp;&nbsp;&nbsp;&nbsp;&nbsp;&nbsp;&nbsp;&nbsp;&nbsp;&nbsp;&nbsp;&nbsp;&nbsp;&nbsp;&nbsp;&nbsp;&nbsp;&nbsp;&nbsp;&nbsp;&nbsp;&nbsp;&nbsp;&nbsp;&nbsp;&nbsp;&nbsp;&nbsp;&nbsp;&nbsp;&nbsp;&nbsp;&nbsp;&nbsp;&nbsp;&nbsp;&nbsp;&nbsp;&nbsp;&nbsp;&nbsp;&nbsp;&nbsp;&nbsp;&nbsp; &#8230;&#8230;&#8230;&#8230;&#8230;&#8230;&#8230;&#8230;&#8230;&#8230;&#8230;&#8230;&#8230;&#8230;&#8230;&#8230;&#8230;&#8230;&#8230;&#8230;&#8230;&#8230;<\/p>\n\n\n\n<p class=\"wp-block-paragraph\">&nbsp;&nbsp;&nbsp;&nbsp;&nbsp;&nbsp;&nbsp;&nbsp;&nbsp;&nbsp;&nbsp;&nbsp;&nbsp;&nbsp;&nbsp;&nbsp;&nbsp;&nbsp;&nbsp;&nbsp;&nbsp;&nbsp;&nbsp;&nbsp;&nbsp;&nbsp;&nbsp;&nbsp;&nbsp;&nbsp;&nbsp;&nbsp;&nbsp;&nbsp;&nbsp;&nbsp;&nbsp;&nbsp;&nbsp;&nbsp;&nbsp;&nbsp;&nbsp;&nbsp;&nbsp;&nbsp;&nbsp;&nbsp;&nbsp;&nbsp;&nbsp;&nbsp;&nbsp;&nbsp;&nbsp;&nbsp;&nbsp;&nbsp;&nbsp;&nbsp;&nbsp;&nbsp;&nbsp;&nbsp;&nbsp;&nbsp;&nbsp;&nbsp;&nbsp;&nbsp;&nbsp;&nbsp;&nbsp;&nbsp;&nbsp;&nbsp;&nbsp;&nbsp;&nbsp;&nbsp;&nbsp;&nbsp;&nbsp;&nbsp;&nbsp;&nbsp;&nbsp;&nbsp;&nbsp;&nbsp;&nbsp;&nbsp;&nbsp;&nbsp;&nbsp;&nbsp;&nbsp;&nbsp;&nbsp;&nbsp;&nbsp; vlastnoru\u010dn\u00ed podpis<br>&nbsp;&nbsp;&nbsp;&nbsp;&nbsp;&nbsp;&nbsp;&nbsp;&nbsp;&nbsp;&nbsp;&nbsp;&nbsp;&nbsp;&nbsp;&nbsp;&nbsp;&nbsp;&nbsp;&nbsp;&nbsp;&nbsp;&nbsp;&nbsp;&nbsp;&nbsp;&nbsp;&nbsp;&nbsp;&nbsp;&nbsp;&nbsp;&nbsp;&nbsp;&nbsp;&nbsp;&nbsp;&nbsp;&nbsp;&nbsp;&nbsp;&nbsp;&nbsp;&nbsp;&nbsp;&nbsp;&nbsp;&nbsp;&nbsp;&nbsp;&nbsp;&nbsp;&nbsp;&nbsp;&nbsp;&nbsp;&nbsp;&nbsp;&nbsp;&nbsp;&nbsp;&nbsp;&nbsp;&nbsp;&nbsp;&nbsp;&nbsp;&nbsp;&nbsp;&nbsp;&nbsp;&nbsp;&nbsp;&nbsp;&nbsp;&nbsp;&nbsp;&nbsp;&nbsp;&nbsp;&nbsp;&nbsp;&nbsp;&nbsp;&nbsp;&nbsp;&nbsp;&nbsp;&nbsp; (u d\u011bt\u00ed podpis z\u00e1konn\u00e9ho z\u00e1stupce)<\/p>\n\n\n\n<p class=\"wp-block-paragraph\">J\u00e1, n\u00ed\u017ee podepsan\u00fd \u2026\u2026\u2026\u2026\u2026\u2026\u2026\u2026\u2026\u2026\u2026\u2026\u2026\u2026.. poskytuji n\u00ed\u017ee uveden\u00e9 osobn\u00ed \u00fadaje a souhlas\u00edm s&nbsp;jejich zpracov\u00e1n\u00edm za \u00fa\u010delem zas\u00edl\u00e1n\u00ed informac\u00ed o \u010dinnosti svazu:<\/p>\n\n\n\n<p class=\"wp-block-paragraph\">e-mail:\u2026\u2026\u2026\u2026\u2026\u2026\u2026\u2026\u2026\u2026\u2026..<\/p>\n\n\n\n<p class=\"wp-block-paragraph\">telefon:\u2026\u2026\u2026\u2026\u2026\u2026\u2026\u2026\u2026\u2026\u2026<\/p>\n\n\n\n<p class=\"wp-block-paragraph\">Dne:\u2026\u2026\u2026\u2026\u2026\u2026\u2026\u2026\u2026\u2026.<\/p>\n\n\n\n<p class=\"wp-block-paragraph\">&nbsp;&nbsp;&nbsp;&nbsp;&nbsp;&nbsp;&nbsp;&nbsp;&nbsp;&nbsp;&nbsp;&nbsp;&nbsp;&nbsp;&nbsp;&nbsp;&nbsp;&nbsp;&nbsp;&nbsp;&nbsp;&nbsp;&nbsp;&nbsp;&nbsp;&nbsp;&nbsp;&nbsp;&nbsp;&nbsp;&nbsp;&nbsp;&nbsp;&nbsp;&nbsp;&nbsp;&nbsp;&nbsp;&nbsp;&nbsp;&nbsp;&nbsp;&nbsp;&nbsp;&nbsp;&nbsp;&nbsp;&nbsp;&nbsp;&nbsp;&nbsp;&nbsp;&nbsp;&nbsp;&nbsp;&nbsp;&nbsp;&nbsp;&nbsp;&nbsp;&nbsp;&nbsp;&nbsp;&nbsp;&nbsp;&nbsp;&nbsp;&nbsp;&nbsp;&nbsp;&nbsp;&nbsp;&nbsp;&nbsp;&nbsp;&nbsp;&nbsp;&nbsp;&nbsp;&nbsp;&nbsp;&nbsp;&nbsp;&nbsp;&nbsp;&nbsp;&nbsp;&nbsp;&nbsp;&nbsp;&nbsp;&nbsp;&nbsp;&nbsp;&nbsp;&nbsp;&nbsp;&nbsp;&nbsp;&nbsp;&nbsp;&nbsp;&nbsp;&nbsp;&nbsp;&nbsp;&nbsp;&nbsp; &#8230;&#8230;&#8230;&#8230;&#8230;&#8230;&#8230;&#8230;&#8230;&#8230;&#8230;&#8230;&#8230;&#8230;&#8230;&#8230;&#8230;&#8230;&#8230;&#8230;&#8230;&#8230;&nbsp; &nbsp;&nbsp;&nbsp;&nbsp;&nbsp;&nbsp;&nbsp;&nbsp;&nbsp;&nbsp;&nbsp;&nbsp;&nbsp;&nbsp; vlastnoru\u010dn\u00ed podpis<br>&nbsp;&nbsp;&nbsp;&nbsp;&nbsp;&nbsp;&nbsp;&nbsp;&nbsp;&nbsp;&nbsp;&nbsp;&nbsp;&nbsp;&nbsp;&nbsp;&nbsp;&nbsp;&nbsp;&nbsp;&nbsp;&nbsp;&nbsp;&nbsp;&nbsp;&nbsp;&nbsp;&nbsp;&nbsp;&nbsp;&nbsp;&nbsp;&nbsp;&nbsp;&nbsp;&nbsp;&nbsp;&nbsp;&nbsp;&nbsp;&nbsp;&nbsp;&nbsp;&nbsp;&nbsp;&nbsp;&nbsp;&nbsp;&nbsp;&nbsp;&nbsp;&nbsp;&nbsp;&nbsp;&nbsp;&nbsp;&nbsp;&nbsp;&nbsp;&nbsp;&nbsp;&nbsp;&nbsp;&nbsp;&nbsp;&nbsp;&nbsp;&nbsp;&nbsp;&nbsp;&nbsp;&nbsp;&nbsp;&nbsp;&nbsp;&nbsp;&nbsp;&nbsp;&nbsp;&nbsp;&nbsp;&nbsp;&nbsp;&nbsp; &nbsp;&nbsp;&nbsp; (u d\u011bt\u00ed podpis z\u00e1konn\u00e9ho z\u00e1stupce)<\/p>\n\n\n\n<p class=\"wp-block-paragraph\"><strong>Souhlas \u010dlena se zpracov\u00e1n\u00edm osobn\u00edch \u00fadaj\u016f<\/strong><\/p>\n\n\n\n<p class=\"wp-block-paragraph\">J\u00e1, n\u00ed\u017ee podepsan\u00fd \u2026\u2026\u2026\u2026\u2026\u2026\u2026\u2026\u2026\u2026\u2026\u2026\u2026\u2026.. poskytuji n\u00ed\u017ee uveden\u00e9 osobn\u00ed \u00fadaje a souhlas\u00edm s&nbsp;jejich zpracov\u00e1n\u00edm za \u00fa\u010delem zas\u00edl\u00e1n\u00ed informac\u00ed o \u010dinnosti svazu:<\/p>\n\n\n\n<p class=\"wp-block-paragraph\">e-mail:\u2026\u2026\u2026\u2026\u2026\u2026\u2026\u2026\u2026\u2026\u2026..<\/p>\n\n\n\n<p class=\"wp-block-paragraph\">telefon:\u2026\u2026\u2026\u2026\u2026\u2026\u2026\u2026\u2026\u2026\u2026<\/p>\n\n\n\n<p class=\"wp-block-paragraph\">Dne:\u2026\u2026\u2026\u2026\u2026\u2026\u2026\u2026\u2026\u2026.<\/p>\n\n\n\n<p class=\"wp-block-paragraph\">&nbsp;&nbsp;&nbsp;&nbsp;&nbsp;&nbsp;&nbsp;&nbsp;&nbsp;&nbsp;&nbsp;&nbsp;&nbsp;&nbsp;&nbsp;&nbsp;&nbsp;&nbsp;&nbsp;&nbsp;&nbsp;&nbsp;&nbsp;&nbsp;&nbsp;&nbsp;&nbsp;&nbsp;&nbsp;&nbsp;&nbsp;&nbsp;&nbsp;&nbsp;&nbsp;&nbsp;&nbsp;&nbsp;&nbsp;&nbsp;&nbsp;&nbsp;&nbsp;&nbsp;&nbsp;&nbsp;&nbsp;&nbsp;&nbsp;&nbsp;&nbsp;&nbsp;&nbsp;&nbsp;&nbsp;&nbsp;&nbsp;&nbsp;&nbsp;&nbsp;&nbsp;&nbsp;&nbsp;&nbsp;&nbsp;&nbsp;&nbsp;&nbsp;&nbsp;&nbsp;&nbsp;&nbsp;&nbsp;&nbsp;&nbsp;&nbsp;&nbsp;&nbsp;&nbsp;&nbsp;&nbsp;&nbsp;&nbsp;&nbsp;&nbsp;&nbsp;&nbsp;&nbsp;&nbsp;&nbsp;&nbsp;&nbsp;&nbsp;&nbsp;&nbsp;&nbsp;&nbsp;&nbsp;&nbsp;&nbsp;&nbsp;&nbsp;&nbsp;&nbsp;&nbsp;&nbsp;&nbsp;&nbsp; &#8230;&#8230;&#8230;&#8230;&#8230;&#8230;&#8230;&#8230;&#8230;&#8230;&#8230;&#8230;&#8230;&#8230;&#8230;&#8230;&#8230;&#8230;&#8230;&#8230;&#8230;&#8230;&nbsp; &nbsp;&nbsp;&nbsp;&nbsp;&nbsp;&nbsp;&nbsp;&nbsp;&nbsp;&nbsp;&nbsp;&nbsp;&nbsp;&nbsp; vlastnoru\u010dn\u00ed podpis<br>&nbsp;&nbsp;&nbsp;&nbsp;&nbsp;&nbsp;&nbsp;&nbsp;&nbsp;&nbsp;&nbsp;&nbsp;&nbsp;&nbsp;&nbsp;&nbsp;&nbsp;&nbsp;&nbsp;&nbsp;&nbsp;&nbsp;&nbsp;&nbsp;&nbsp;&nbsp;&nbsp;&nbsp;&nbsp;&nbsp;&nbsp;&nbsp;&nbsp;&nbsp;&nbsp;&nbsp;&nbsp;&nbsp;&nbsp;&nbsp;&nbsp;&nbsp;&nbsp;&nbsp;&nbsp;&nbsp;&nbsp;&nbsp;&nbsp;&nbsp;&nbsp;&nbsp;&nbsp;&nbsp;&nbsp;&nbsp;&nbsp;&nbsp;&nbsp;&nbsp;&nbsp;&nbsp;&nbsp;&nbsp;&nbsp;&nbsp;&nbsp;&nbsp;&nbsp;&nbsp;&nbsp;&nbsp;&nbsp;&nbsp;&nbsp;&nbsp;&nbsp;&nbsp;&nbsp;&nbsp;&nbsp;&nbsp;&nbsp;&nbsp; &nbsp;&nbsp;&nbsp; (u d\u011bt\u00ed podpis z\u00e1konn\u00e9ho z\u00e1stupce)<\/p>\n\n\n\n<p class=\"wp-block-paragraph\"><strong>Odvol\u00e1n\u00ed souhlasu se zpracov\u00e1n\u00edm osobn\u00edch \u00fadaj\u016f<\/strong><\/p>\n\n\n\n<p class=\"wp-block-paragraph\">J\u00e1, n\u00ed\u017ee podepsan\u00fd \u2026\u2026\u2026\u2026\u2026\u2026\u2026\u2026\u2026\u2026\u2026\u2026\u2026\u2026.. odvol\u00e1v\u00e1m souhlas se zpracov\u00e1n\u00edm osobn\u00edch \u00fadaj\u016f e-mail, telefon ze dne\u2026\u2026\u2026\u2026\u2026\u2026, kter\u00fd jsem poskytl za \u00fa\u010delem zas\u00edl\u00e1n\u00ed informac\u00ed o \u010dinnosti svazu.<\/p>\n\n\n\n<p class=\"wp-block-paragraph\">Dne:\u2026\u2026\u2026\u2026\u2026\u2026\u2026\u2026\u2026<\/p>\n\n\n\n<p class=\"wp-block-paragraph\">&nbsp;&nbsp;&nbsp;&nbsp;&nbsp;&nbsp;&nbsp;&nbsp;&nbsp;&nbsp;&nbsp;&nbsp;&nbsp;&nbsp;&nbsp;&nbsp;&nbsp;&nbsp;&nbsp;&nbsp;&nbsp;&nbsp;&nbsp;&nbsp;&nbsp;&nbsp;&nbsp;&nbsp;&nbsp;&nbsp;&nbsp;&nbsp;&nbsp;&nbsp;&nbsp;&nbsp;&nbsp;&nbsp;&nbsp;&nbsp;&nbsp;&nbsp;&nbsp;&nbsp;&nbsp;&nbsp;&nbsp;&nbsp;&nbsp;&nbsp;&nbsp;&nbsp;&nbsp;&nbsp;&nbsp;&nbsp;&nbsp;&nbsp;&nbsp;&nbsp;&nbsp;&nbsp;&nbsp;&nbsp;&nbsp;&nbsp;&nbsp;&nbsp;&nbsp;&nbsp;&nbsp;&nbsp;&nbsp;&nbsp;&nbsp;&nbsp;&nbsp;&nbsp;&nbsp;&nbsp;&nbsp;&nbsp;&nbsp;&nbsp;&nbsp;&nbsp;&nbsp;&nbsp;&nbsp;&nbsp;&nbsp;&nbsp;&nbsp;&nbsp;&nbsp;&nbsp;&nbsp;&nbsp;&nbsp;&nbsp;&nbsp;&nbsp;&nbsp;&nbsp;&nbsp;&nbsp;&nbsp;&nbsp; &#8230;&#8230;&#8230;&#8230;&#8230;&#8230;&#8230;&#8230;&#8230;&#8230;&#8230;&#8230;&#8230;&#8230;&#8230;&#8230;&#8230;&#8230;&#8230;&#8230;&#8230;&#8230;<\/p>\n\n\n\n<p class=\"wp-block-paragraph\">&nbsp;&nbsp;&nbsp;&nbsp;&nbsp;&nbsp;&nbsp;&nbsp;&nbsp;&nbsp;&nbsp;&nbsp;&nbsp;&nbsp;&nbsp;&nbsp;&nbsp;&nbsp;&nbsp;&nbsp;&nbsp;&nbsp;&nbsp;&nbsp;&nbsp;&nbsp;&nbsp;&nbsp;&nbsp;&nbsp;&nbsp;&nbsp;&nbsp;&nbsp;&nbsp;&nbsp;&nbsp;&nbsp;&nbsp;&nbsp;&nbsp;&nbsp;&nbsp;&nbsp;&nbsp;&nbsp;&nbsp;&nbsp;&nbsp;&nbsp;&nbsp;&nbsp;&nbsp;&nbsp;&nbsp;&nbsp;&nbsp;&nbsp;&nbsp;&nbsp;&nbsp;&nbsp;&nbsp;&nbsp;&nbsp;&nbsp;&nbsp;&nbsp;&nbsp;&nbsp;&nbsp;&nbsp;&nbsp;&nbsp;&nbsp;&nbsp;&nbsp;&nbsp;&nbsp;&nbsp;&nbsp;&nbsp;&nbsp;&nbsp;&nbsp;&nbsp;&nbsp;&nbsp;&nbsp;&nbsp;&nbsp;&nbsp;&nbsp;&nbsp;&nbsp;&nbsp;&nbsp;&nbsp;&nbsp;&nbsp;&nbsp; vlastnoru\u010dn\u00ed podpis<br>&nbsp;&nbsp;&nbsp;&nbsp;&nbsp;&nbsp;&nbsp;&nbsp;&nbsp;&nbsp;&nbsp;&nbsp;&nbsp;&nbsp;&nbsp;&nbsp;&nbsp;&nbsp;&nbsp;&nbsp;&nbsp;&nbsp;&nbsp;&nbsp;&nbsp;&nbsp;&nbsp;&nbsp;&nbsp;&nbsp;&nbsp;&nbsp;&nbsp;&nbsp;&nbsp;&nbsp;&nbsp;&nbsp;&nbsp;&nbsp;&nbsp;&nbsp;&nbsp;&nbsp;&nbsp;&nbsp;&nbsp;&nbsp;&nbsp;&nbsp;&nbsp;&nbsp;&nbsp;&nbsp;&nbsp;&nbsp;&nbsp;&nbsp;&nbsp;&nbsp;&nbsp;&nbsp;&nbsp;&nbsp;&nbsp;&nbsp;&nbsp;&nbsp;&nbsp;&nbsp;&nbsp;&nbsp;&nbsp;&nbsp;&nbsp;&nbsp;&nbsp;&nbsp;&nbsp;&nbsp;&nbsp;&nbsp;&nbsp;&nbsp;&nbsp;&nbsp;&nbsp;&nbsp;&nbsp; (u d\u011bt\u00ed podpis z\u00e1konn\u00e9ho z\u00e1stupce)<\/p>\n","protected":false},"excerpt":{"rendered":"<p>\u010cesk\u00fd ryb\u00e1\u0159sk\u00fd svaz, m\u00edstn\u00ed organizace MO \u010cRS Vala\u0161sk\u00e9 Mezi\u0159\u00ed\u010d\u00ed&nbsp;&nbsp;z. s.<\/p>\n","protected":false},"author":1,"featured_media":0,"parent":85,"menu_order":0,"comment_status":"closed","ping_status":"closed","template":"","meta":{"footnotes":""},"class_list":["post-91","page","type-page","status-publish","hentry"],"_links":{"self":[{"href":"https:\/\/www.rybsvaz-valmez.cz\/index.php?rest_route=\/wp\/v2\/pages\/91","targetHints":{"allow":["GET"]}}],"collection":[{"href":"https:\/\/www.rybsvaz-valmez.cz\/index.php?rest_route=\/wp\/v2\/pages"}],"about":[{"href":"https:\/\/www.rybsvaz-valmez.cz\/index.php?rest_route=\/wp\/v2\/types\/page"}],"author":[{"embeddable":true,"href":"https:\/\/www.rybsvaz-valmez.cz\/index.php?rest_route=\/wp\/v2\/users\/1"}],"replies":[{"embeddable":true,"href":"https:\/\/www.rybsvaz-valmez.cz\/index.php?rest_route=%2Fwp%2Fv2%2Fcomments&post=91"}],"version-history":[{"count":1,"href":"https:\/\/www.rybsvaz-valmez.cz\/index.php?rest_route=\/wp\/v2\/pages\/91\/revisions"}],"predecessor-version":[{"id":92,"href":"https:\/\/www.rybsvaz-valmez.cz\/index.php?rest_route=\/wp\/v2\/pages\/91\/revisions\/92"}],"up":[{"embeddable":true,"href":"https:\/\/www.rybsvaz-valmez.cz\/index.php?rest_route=\/wp\/v2\/pages\/85"}],"wp:attachment":[{"href":"https:\/\/www.rybsvaz-valmez.cz\/index.php?rest_route=%2Fwp%2Fv2%2Fmedia&parent=91"}],"curies":[{"name":"wp","href":"https:\/\/api.w.org\/{rel}","templated":true}]}}